{"id":3610,"date":"2022-06-14T10:56:18","date_gmt":"2022-06-14T08:56:18","guid":{"rendered":"https:\/\/medien-doktor.de\/gesundheit\/?page_id=3610"},"modified":"2022-06-14T10:56:24","modified_gmt":"2022-06-14T08:56:24","slug":"praxisberichte","status":"publish","type":"page","link":"https:\/\/medien-doktor.de\/gesundheit\/praxisberichte\/","title":{"rendered":"Praxisberichte"},"content":{"rendered":"<p>[et_pb_section fb_built=&#8220;1&#8243; _builder_version=&#8220;4.16&#8243; _module_preset=&#8220;default&#8220; custom_padding=&#8220;10px|||||&#8220; da_disable_devices=&#8220;off|off|off&#8220; global_colors_info=&#8220;{}&#8220; da_is_popup=&#8220;off&#8220; da_exit_intent=&#8220;off&#8220; da_has_close=&#8220;on&#8220; da_alt_close=&#8220;off&#8220; da_dark_close=&#8220;off&#8220; da_not_modal=&#8220;on&#8220; da_is_singular=&#8220;off&#8220; da_with_loader=&#8220;off&#8220; da_has_shadow=&#8220;on&#8220;][et_pb_row column_structure=&#8220;2_3,1_3&#8243; _builder_version=&#8220;4.16&#8243; _module_preset=&#8220;default&#8220; global_colors_info=&#8220;{}&#8220;][et_pb_column type=&#8220;2_3&#8243; _builder_version=&#8220;4.16&#8243; _module_preset=&#8220;default&#8220; global_colors_info=&#8220;{}&#8220;][et_pb_text admin_label=&#8220;Titel Partner und Links &#8220; _builder_version=&#8220;4.17.4&#8243; _module_preset=&#8220;default&#8220; global_colors_info=&#8220;{}&#8220;]<\/p>\n<h2 class=\"rounded-right\">Medien-Doktor-Serie: Praxisberichte<\/h2>\n<p>[\/et_pb_text][et_pb_text admin_label=&#8220;Text-Was sind Praxisberichte&#8220; module_id=&#8220;1&#8243; _builder_version=&#8220;4.17.4&#8243; _module_preset=&#8220;default&#8220; global_colors_info=&#8220;{}&#8220;]<span class=\"Apple-style-span\">In der Serie \u201ePraxisberichte\u201c berichten die Gutachter des Medien-Doktor \u00fcber ihre allt\u00e4gliche journalistische Praxis \u2013 verbunden mit Tipps, pers\u00f6nlichen Beobachtungen und Einsch\u00e4tzungen. <\/span><span class=\"Apple-style-span\">Die Beitr\u00e4ge richten sich dabei insbesondere auch an jene, die eher am Rande mit Themen aus Medizin und Gesundheit zu tun haben \u2013 zum Beispiel als Lokalreporter oder in jedem anderen Ressort. Denn Medizinjournalismus geht alle an.<\/span> [\/et_pb_text][et_pb_divider _builder_version=&#8220;4.16&#8243; _module_preset=&#8220;default&#8220; global_colors_info=&#8220;{}&#8220;][\/et_pb_divider][et_pb_text admin_label=&#8220;Vorwort&#8220; module_id=&#8220;1&#8243; _builder_version=&#8220;4.17.4&#8243; _module_preset=&#8220;default&#8220; global_colors_info=&#8220;{}&#8220;]<\/p>\n<p>Vorwort<\/p>\n<p><a href=\"https:\/\/medien-doktor.de\/gesundheit\/sprechstunde\/medien-doktor-serie-praxisberichte-oder-medizinjournalismus-fuer-alle\/\"><strong>Medien-Doktor-Serie<\/strong> <strong>\u201ePraxisberichte\u201c \u2013 oder: Medizinjournalismus f\u00fcr alle<br \/><\/strong><\/a><\/p>\n<p><em>von Holger Wormer<\/em><\/p>\n<p>[\/et_pb_text][et_pb_divider _builder_version=&#8220;4.16&#8243; _module_preset=&#8220;default&#8220; global_colors_info=&#8220;{}&#8220;][\/et_pb_divider][et_pb_text admin_label=&#8220;Folge 1&#8243; module_id=&#8220;1&#8243; _builder_version=&#8220;4.17.4&#8243; _module_preset=&#8220;default&#8220; global_colors_info=&#8220;{}&#8220;]<\/p>\n<p>Folge 1<\/p>\n<p><a href=\"https:\/\/medien-doktor.de\/gesundheit\/sprechstunde\/praxisberichte-1-studien-und-typen-die-hackordnung-der-glaubwuerdigkeit-teil-a\/\"><strong>Studien und Typen: Die Hackordnung der Glaubw\u00fcrdigkeit (Teil A) <\/strong><\/a><\/p>\n<p><em>von Martina Lenzen-Schulte<\/em><\/p>\n<p>[\/et_pb_text][et_pb_divider _builder_version=&#8220;4.16&#8243; _module_preset=&#8220;default&#8220; global_colors_info=&#8220;{}&#8220;][\/et_pb_divider][et_pb_text admin_label=&#8220;Folge 2&#8243; module_id=&#8220;1&#8243; _builder_version=&#8220;4.17.4&#8243; _module_preset=&#8220;default&#8220; global_colors_info=&#8220;{}&#8220;]<\/p>\n<p>Folge 2<\/p>\n<p><a href=\"https:\/\/medien-doktor.de\/gesundheit\/sprechstunde\/praxisberichte-2-studien-und-typen-die-hackordnung-der-glaubwuerdigkeit-teil-b\/\"><strong>Studien und Typen: Die Hackordnung der Glaubw\u00fcrdigkeit (Teil B) <\/strong><\/a><\/p>\n<p><em>von Martina Lenzen-Schulte<\/em><\/p>\n<p>[\/et_pb_text][et_pb_divider _builder_version=&#8220;4.16&#8243; _module_preset=&#8220;default&#8220; global_colors_info=&#8220;{}&#8220;][\/et_pb_divider][et_pb_text admin_label=&#8220;Folge 3&#8243; module_id=&#8220;1&#8243; _builder_version=&#8220;4.17.4&#8243; _module_preset=&#8220;default&#8220; global_colors_info=&#8220;{}&#8220;]<\/p>\n<p>Folge 3<\/p>\n<p><a href=\"https:\/\/medien-doktor.de\/gesundheit\/sprechstunde\/praxisberichte-3-nebensache-nebenwirkung\/\"><strong>Nebensache Nebenwirkung? <\/strong><\/a><\/p>\n<p><em>von Wiebke R\u00f6gener<\/em><\/p>\n<p>[\/et_pb_text][et_pb_divider _builder_version=&#8220;4.16&#8243; _module_preset=&#8220;default&#8220; global_colors_info=&#8220;{}&#8220;][\/et_pb_divider][et_pb_text admin_label=&#8220;Folge 4&#8243; module_id=&#8220;1&#8243; _builder_version=&#8220;4.17.4&#8243; _module_preset=&#8220;default&#8220; global_colors_info=&#8220;{}&#8220;]<\/p>\n<p>Folge 4<\/p>\n<p><a href=\"https:\/\/medien-doktor.de\/gesundheit\/sprechstunde\/praxisberichte-4-publikationsbias-oder-die-verheimlichte-forschung\/\"><strong>Publikationsbias oder die verheimlichte Forschung <\/strong><\/a><\/p>\n<p><em>von Arnd Schweitzer<\/em><\/p>\n<p>[\/et_pb_text][et_pb_divider _builder_version=&#8220;4.16&#8243; _module_preset=&#8220;default&#8220; global_colors_info=&#8220;{}&#8220;][\/et_pb_divider][et_pb_text admin_label=&#8220;Folge 5&#8243; module_id=&#8220;1&#8243; _builder_version=&#8220;4.17.4&#8243; _module_preset=&#8220;default&#8220; global_colors_info=&#8220;{}&#8220;]<\/p>\n<p>Folge 5<\/p>\n<p><a href=\"https:\/\/medien-doktor.de\/gesundheit\/sprechstunde\/praxisberichte-5-truegerische-surrogate-messen-was-gut-aussieht\/\"><strong>Tr\u00fcgerische Surrogate: Messen, was gut aussieht<br \/><\/strong><\/a><\/p>\n<p><em>von Martina Keller<\/em><\/p>\n<p>[\/et_pb_text][et_pb_divider _builder_version=&#8220;4.16&#8243; _module_preset=&#8220;default&#8220; global_colors_info=&#8220;{}&#8220;][\/et_pb_divider][et_pb_text admin_label=&#8220;Folge 6&#8243; module_id=&#8220;1&#8243; _builder_version=&#8220;4.17.4&#8243; _module_preset=&#8220;default&#8220; global_colors_info=&#8220;{}&#8220;]<\/p>\n<p>Folge 6<\/p>\n<p><a href=\"https:\/\/medien-doktor.de\/gesundheit\/sprechstunde\/praxisberichte-6-experten-interessen-und-konflikte\/\"><strong>Experten, Interessen und Konflikte<\/strong><\/a><\/p>\n<p><em>von Irene Berres und Klaus Koch<\/em><\/p>\n<p>[\/et_pb_text][et_pb_divider _builder_version=&#8220;4.16&#8243; _module_preset=&#8220;default&#8220; global_colors_info=&#8220;{}&#8220;][\/et_pb_divider][et_pb_text admin_label=&#8220;Folge 7&#8243; module_id=&#8220;1&#8243; _builder_version=&#8220;4.17.4&#8243; _module_preset=&#8220;default&#8220; global_colors_info=&#8220;{}&#8220;]<\/p>\n<p>Folge 7<\/p>\n<p><a href=\"https:\/\/medien-doktor.de\/gesundheit\/sprechstunde\/praxisberichte-7-magazin-medizin-eine-art-bauanleitung\/\"><strong>Magazin-Medizin: Eine Art Bauanleitung<\/strong><\/a><\/p>\n<p><em>von Astrid Viciano<\/em><\/p>\n<p>[\/et_pb_text][et_pb_divider _builder_version=&#8220;4.16&#8243; _module_preset=&#8220;default&#8220; global_colors_info=&#8220;{}&#8220;][\/et_pb_divider][et_pb_text admin_label=&#8220;Folge 8&#8243; module_id=&#8220;1&#8243; _builder_version=&#8220;4.17.4&#8243; _module_preset=&#8220;default&#8220; global_colors_info=&#8220;{}&#8220;]<\/p>\n<p>Folge 8<\/p>\n<p><a href=\"https:\/\/medien-doktor.de\/gesundheit\/sprechstunde\/praxisberichte-8-vitamin-b-wie-beziehungen-zwischen-den-raedern-der-pr-maschinerie\/\"><strong>Vitamin \u2018B\u2019 wie Beziehungen: Zwischen den R\u00e4dern der PR-Maschinerie<\/strong><\/a><\/p>\n<p><em>von Frank Wittig<\/em><\/p>\n<p>[\/et_pb_text][et_pb_divider _builder_version=&#8220;4.16&#8243; _module_preset=&#8220;default&#8220; global_colors_info=&#8220;{}&#8220;][\/et_pb_divider][et_pb_text admin_label=&#8220;Folge 9&#8243; module_id=&#8220;1&#8243; _builder_version=&#8220;4.17.4&#8243; _module_preset=&#8220;default&#8220; global_colors_info=&#8220;{}&#8220;]<\/p>\n<p>Folge 9<\/p>\n<p><a href=\"https:\/\/medien-doktor.de\/gesundheit\/sprechstunde\/praxisberichte-9-eminenz-evidenz-und-ehrlichkeit-medizinthemen-in-den-redaktionen-verkaufen\/\"><strong>Eminenz, Evidenz und Ehrlichkeit: Medizinthemen in den Redaktionen verkaufen<\/strong><\/a><\/p>\n<p><em>von Volker Stollorz<\/em><\/p>\n<p>[\/et_pb_text][et_pb_divider _builder_version=&#8220;4.16&#8243; _module_preset=&#8220;default&#8220; global_colors_info=&#8220;{}&#8220;][\/et_pb_divider][et_pb_text admin_label=&#8220;Folge 10&#8243; module_id=&#8220;1&#8243; _builder_version=&#8220;4.17.4&#8243; _module_preset=&#8220;default&#8220; global_colors_info=&#8220;{}&#8220;]<\/p>\n<p>Folge 10<\/p>\n<p><a href=\"https:\/\/medien-doktor.de\/gesundheit\/sprechstunde\/praxisberichte-10-leser-du-wirst-sterben\/\"><strong>Leser, du wirst sterben<\/strong><\/a><\/p>\n<p><em>von Richard Friebe<\/em><\/p>\n<p>[\/et_pb_text][et_pb_divider _builder_version=&#8220;4.16&#8243; _module_preset=&#8220;default&#8220; global_colors_info=&#8220;{}&#8220;][\/et_pb_divider][et_pb_text admin_label=&#8220;Folge 11&#8243; module_id=&#8220;1&#8243; _builder_version=&#8220;4.17.4&#8243; _module_preset=&#8220;default&#8220; global_colors_info=&#8220;{}&#8220;]<\/p>\n<p>Folge 11<\/p>\n<p><a href=\"https:\/\/medien-doktor.de\/gesundheit\/sprechstunde\/praxisberichte-11-irgendwas-mit-genen-irgendwann-gegen-krebs\/\"><strong>Irgendwas mit Genen, irgendwann gegen Krebs<\/strong><\/a><\/p>\n<p><em>von Sascha Karberg<\/em><\/p>\n<p>[\/et_pb_text][\/et_pb_column][et_pb_column type=&#8220;1_3&#8243; _builder_version=&#8220;4.16&#8243; _module_preset=&#8220;default&#8220; background_color=&#8220;#F6F6F6&#8243; custom_padding=&#8220;20px|20px|20px|20px|false|false&#8220; global_colors_info=&#8220;{}&#8220;][et_pb_text admin_label=&#8220;Kriterien-Kasten&#8220; _builder_version=&#8220;4.17.4&#8243; _module_preset=&#8220;default&#8220; text_text_color=&#8220;#000000&#8243; text_font_size=&#8220;14px&#8220; header_2_text_color=&#8220;#444444&#8243; locked=&#8220;off&#8220; global_colors_info=&#8220;{}&#8220;]<\/p>\n<h2>Die Kriterien<\/h2>\n<p><a href=\"http:\/\/www.medien-doktor.de\/gesundheit\/die-kriterien\/#nutzen\">1 POSITIVE EFFEKTE (NUTZEN)<\/a><\/p>\n<p><a href=\"http:\/\/www.medien-doktor.de\/gesundheit\/die-kriterien\/#risiken\">2 RISIKEN &amp; NEBENWIRKUNGEN<\/a><\/p>\n<p><a href=\"http:\/\/www.medien-doktor.de\/gesundheit\/die-kriterien\/#verfuegbar\">3 VERF\u00dcGBARKEIT<\/a><\/p>\n<p><a href=\"http:\/\/www.medien-doktor.de\/gesundheit\/die-kriterien\/#alternativen\">4 ALTERNATIVEN<\/a><\/p>\n<p><a href=\"http:\/\/www.medien-doktor.de\/gesundheit\/die-kriterien\/#kosten\">5 KOSTEN<\/a><\/p>\n<p><a href=\"http:\/\/www.medien-doktor.de\/gesundheit\/die-kriterien\/#uebertreibung\">6 KRANKHEITS\u00dcBERTREIBUNG \/ -ERFINDUNG<\/a><\/p>\n<p><a href=\"http:\/\/www.medien-doktor.de\/gesundheit\/die-kriterien\/#belege\">7 BELEGE \/ EVIDENZ<\/a><\/p>\n<p><a href=\"http:\/\/www.medien-doktor.de\/gesundheit\/die-kriterien\/#experten\">8 EXPERTEN \/ QUELLENTRANSPARENZ<\/a><\/p>\n<p><a href=\"http:\/\/www.medien-doktor.de\/gesundheit\/die-kriterien\/#interessen\">9 INTERESSENKONFLIKTE<\/a><\/p>\n<p><a href=\"http:\/\/www.medien-doktor.de\/gesundheit\/die-kriterien\/#einordnung\">10 EINORDNUNG IN DEN KONTEXT<\/a><\/p>\n<p><a href=\"http:\/\/www.medien-doktor.de\/gesundheit\/die-kriterien\/#faktentreue\">11 FAKTENTREUE<\/a><\/p>\n<p><a href=\"http:\/\/www.medien-doktor.de\/gesundheit\/die-kriterien\/#eigenleistung\">12 JOURNALISTISCHE EIGENLEISTUNG<\/a><\/p>\n<p><a href=\"http:\/\/www.medien-doktor.de\/gesundheit\/die-kriterien\/#attraktivitaet\">13 ATTRAKTIVIT\u00c4T DER DARSTELLUNG<\/a><\/p>\n<p><a href=\"http:\/\/www.medien-doktor.de\/gesundheit\/die-kriterien\/#verstaendlichkeit\">14 VERST\u00c4NDLICHKEIT<\/a><\/p>\n<p><a href=\"http:\/\/www.medien-doktor.de\/gesundheit\/die-kriterien\/#themenauswahl\">15 THEMENAUSWAHL<\/a><\/p>\n<p>[\/et_pb_text][\/et_pb_column][\/et_pb_row][\/et_pb_section]<\/p>\n","protected":false},"excerpt":{"rendered":"<p>Medien-Doktor-Serie: Praxisberichte In der Serie \u201ePraxisberichte\u201c berichten die Gutachter des Medien-Doktor \u00fcber ihre allt\u00e4gliche journalistische Praxis \u2013 verbunden mit Tipps, pers\u00f6nlichen Beobachtungen und Einsch\u00e4tzungen. Die Beitr\u00e4ge richten sich dabei insbesondere auch an jene, die eher am Rande mit Themen aus Medizin und Gesundheit zu tun haben \u2013 zum Beispiel als Lokalreporter oder in jedem anderen [&hellip;]<\/p>\n","protected":false},"author":8,"featured_media":0,"parent":0,"menu_order":0,"comment_status":"closed","ping_status":"closed","template":"","meta":{"_acf_changed":false,"_et_pb_use_builder":"on","_et_pb_old_content":"","_et_gb_content_width":"","footnotes":""},"class_list":["post-3610","page","type-page","status-publish","hentry"],"acf":[],"_links":{"self":[{"href":"https:\/\/medien-doktor.de\/gesundheit\/wp-json\/wp\/v2\/pages\/3610","targetHints":{"allow":["GET"]}}],"collection":[{"href":"https:\/\/medien-doktor.de\/gesundheit\/wp-json\/wp\/v2\/pages"}],"about":[{"href":"https:\/\/medien-doktor.de\/gesundheit\/wp-json\/wp\/v2\/types\/page"}],"author":[{"embeddable":true,"href":"https:\/\/medien-doktor.de\/gesundheit\/wp-json\/wp\/v2\/users\/8"}],"replies":[{"embeddable":true,"href":"https:\/\/medien-doktor.de\/gesundheit\/wp-json\/wp\/v2\/comments?post=3610"}],"version-history":[{"count":33,"href":"https:\/\/medien-doktor.de\/gesundheit\/wp-json\/wp\/v2\/pages\/3610\/revisions"}],"predecessor-version":[{"id":3664,"href":"https:\/\/medien-doktor.de\/gesundheit\/wp-json\/wp\/v2\/pages\/3610\/revisions\/3664"}],"wp:attachment":[{"href":"https:\/\/medien-doktor.de\/gesundheit\/wp-json\/wp\/v2\/media?parent=3610"}],"curies":[{"name":"wp","href":"https:\/\/api.w.org\/{rel}","templated":true}]}}